{"id":18103,"date":"2018-06-04T12:55:39","date_gmt":"2018-06-04T10:55:39","guid":{"rendered":"https:\/\/www.buchinger-wilhelmi.com\/faq\/"},"modified":"2025-01-17T09:03:14","modified_gmt":"2025-01-17T08:03:14","slug":"faq","status":"publish","type":"page","link":"https:\/\/www.buchinger-wilhelmi.com\/fr\/faq\/","title":{"rendered":"FAQ"},"content":{"rendered":"<div class=\"wpb-content-wrapper\">[vc_row full_width=\u00a0\u00bbstretch_row\u00a0\u00bb equal_height=\u00a0\u00bbyes\u00a0\u00bb][vc_column width=\u00a0\u00bb4\/12&Prime; offset=\u00a0\u00bbvc_hidden-sm vc_hidden-xs\u00a0\u00bb][vc_column_text css=\u00a0\u00bb.vc_custom_1546267535044{padding-top: 30px !important;padding-right: 30px !important;padding-bottom: 50px !important;padding-left: 30px !important;background-color: #cceaf7 !important;}\u00a0\u00bb el_class=\u00a0\u00bbstickybox\u00a0\u00bb]\n<h2 id=\"page-title\" class=\"title\">Bon \u00e0 savoir<\/h2>\n<div class=\"tabs system\">\n<p>Bienvenue dans notre espace Foire aux questions (FAQ) ! Vous y trouverez les r\u00e9ponses aux questions les plus fr\u00e9quemment pos\u00e9es par nos nouveaux h\u00f4tes, et, par-l\u00e0, susceptibles de vous int\u00e9resser. Maintenant, si la lecture de cette page donne lieu \u00e0 d\u2019autres questions ou \u00e0 des suggestions subsidiaires, surtout n\u2019h\u00e9sitez pas \u00e0 nous en faire part !<\/p>\n<\/div>\n<pre><strong><a href=\"https:\/\/www.buchinger-wilhelmi.com\/faq\/#1528124110978-7329c31c-bb2d\">QUestions fondamentales sur le je\u00fbne<\/a><\/strong>\r\n\r\n<strong><a href=\"https:\/\/www.buchinger-wilhelmi.com\/faq\/#1528123380456-1d4bb761-7d63\">Questions d'ordre m\u00e9dical <\/a><\/strong>\r\n\r\n<strong><a href=\"https:\/\/www.buchinger-wilhelmi.com\/faq\/#1528109826044-4801164f-4d45\">Questions pratiques et organisationelles<\/a><\/strong><\/pre>\n<div><\/div>\n<pre><\/pre>\n[\/vc_column_text][\/vc_column][vc_column width=\u00a0\u00bb1\/12&Prime;][\/vc_column][vc_column width=\u00a0\u00bb7\/12&Prime;][vc_tta_accordion style=\u00a0\u00bbflat\u00a0\u00bb shape=\u00a0\u00bbsquare\u00a0\u00bb color=\u00a0\u00bbwhite\u00a0\u00bb spacing=\u00a0\u00bb1&Prime; gap=\u00a0\u00bb10&Prime; c_position=\u00a0\u00bbright\u00a0\u00bb active_section=\u00a0\u00bb1&Prime; no_fill=\u00a0\u00bbtrue\u00a0\u00bb collapsible_all=\u00a0\u00bbtrue\u00a0\u00bb][vc_tta_section title=\u00a0\u00bbCombien de temps dois-je r\u00e9server \u00e0 l\u2019avance ?\u00a0\u00bb tab_id=\u00a0\u00bb1528109826044-4801164f-4d45&Prime;][vc_column_text]\n<h5><strong>Est-ce que je peux venir spontan\u00e9ment ? Le cas \u00e9ch\u00e9ant, puis-je avoir la chambre de mon choix <\/strong>?<\/h5>\n<p>Les r\u00e9servations spontan\u00e9es ont peu de chances d\u2019aboutir en raison de la forte demande, sauf \u00e9ventuellement en automne et en hiver. Aussi, afin d\u2019obtenir la cat\u00e9gorie de chambre d\u00e9sir\u00e9e, nous vous recommandons de r\u00e9server au moins 2 \u00e0 3 mois \u00e0 l\u2019avance. Par contre, et pour des raisons logistiques, il nous est impossible de vous garantir la chambre de votre choix, mais seulement sa cat\u00e9gorie. Sachez cependant que toutes nos chambres sont belles et disposent du m\u00eame confort douillet et chaleureux.[\/vc_column_text][\/vc_tta_section][vc_tta_section title=\u00a0\u00bbQue dois-je emporter ?\u00a0\u00bb tab_id=\u00a0\u00bb1528109826072-b6374584-cbf0&Prime;][vc_column_text]\n<div class=\"field field-name-title-field field-type-text field-label-hidden\">\n<div class=\"field-items\">\n<h5>\u00c0 quoi dois-je penser en faisant ma valise ? De quoi ai-je besoin ? De quoi puis-je me passer ?<\/h5>\n<p>Vous avez plusieurs valises au choix ? Prenez la plus petite ! Le je\u00fbne vous offre le luxe de ne manquer de rien avec un minimum, et de vous lib\u00e9rer de tout fardeau inutile. Donc pas besoin de charger vos bagages, voyagez l\u00e9ger, sans oublier toutefois :<\/p>\n<ul>\n<li>des v\u00eatements chauds (adapt\u00e9s au site et \u00e0 la saison : pulls, chaussettes, \u00e9charpes, etc.), tenue et chaussures de randonn\u00e9e,<\/li>\n<li>des chaussures de sport en salle,<\/li>\n<li>des v\u00eatements imperm\u00e9ables,<\/li>\n<li>des tenues de sport et de bain,<\/li>\n<li>des v\u00eatements de jour amples et confortables,<\/li>\n<li>une tenue un peu plus \u00e9l\u00e9gante, au cas o\u00f9 ! (par ex. festival, th\u00e9\u00e2tre, etc.)<\/li>\n<li>votre (nouveau ?) journal intime,<\/li>\n<li>des livres que vous vouliez lire depuis longtemps,<\/li>\n<li>votre musique pr\u00e9f\u00e9r\u00e9e, avec lecteur et \u00e9couteurs,<\/li>\n<li>vos derniers r\u00e9sultats d\u2019examens m\u00e9dicaux, ainsi que les m\u00e9dicaments que vous prenez r\u00e9guli\u00e8rement, en quantit\u00e9 suffisante, ou, \u00e0 d\u00e9faut, les ordonnances de votre m\u00e9decin de famille.<\/li>\n<\/ul>\n<\/div>\n<\/div>\n[\/vc_column_text][\/vc_tta_section][vc_tta_section title=\u00a0\u00bbPuis-je travailler pendant mon s\u00e9jour ?\u00a0\u00bb tab_id=\u00a0\u00bb1528122538532-8c684a64-4137&Prime;][vc_column_text]\n<h5>Est-ce que mes performances vont diminuer pendant le Je\u00fbne Th\u00e9rapeutique ; est-il contrindiqu\u00e9 pendant mon s\u00e9jour chez Buchinger Wilhelmi d\u2019ex\u00e9cuter les travaux que j\u2019ai emmen\u00e9s ?<\/h5>\n<p>Tout au long de notre histoire, nous avons vu des je\u00fbneurs \u00e9crire des ouvrages entiers, voire des sc\u00e9narios de film, pendant leur s\u00e9jour, et d\u2019autres, au contraire, repartir sans avoir touch\u00e9 \u00e0 un seul des multiples dossiers emport\u00e9s dans l\u2019id\u00e9e de les traiter pendant leur s\u00e9jour ! Alors un bon conseil : si vous pouvez vous le permettre, venez chez nous sans travail ! Et offrez-vous la libert\u00e9 de faire de nouvelles exp\u00e9riences ou tout simplement de ne faire que ce dont vous avez envie ![\/vc_column_text][\/vc_tta_section][vc_tta_section title=\u00a0\u00bbQu\u2019en est-il des animaux de compagnie ?\u00a0\u00bb tab_id=\u00a0\u00bb1528122455011-f0b07fe5-82e1&Prime;][vc_column_text]\n<h5>Puis-je venir avec mon animal de compagnie ou existe-t-il des obstacles inh\u00e9rents aux activit\u00e9s m\u00eames de la Clinique\u00a0?<\/h5>\n<p>Pour des raisons d\u2019hygi\u00e8ne et par \u00e9gard aux personnes souffrant d\u2019allergies, les animaux ne sont malheureusement pas tol\u00e9r\u00e9s sur nos site.[\/vc_column_text][\/vc_tta_section][vc_tta_section title=\u00a0\u00bbPuis-je venir en compagnie de quelqu\u2019un ?\u00a0\u00bb tab_id=\u00a0\u00bb1528122745711-60ea4c0a-5c90&Prime;][vc_column_text css=\u00a0\u00bb\u00a0\u00bb]\n<h5>Si je d\u00e9sire qu\u2019une personne m\u2019accompagne, et que ladite personne ne souhaite pas b\u00e9n\u00e9ficier des services sanitaires propos\u00e9s par votre maison, est-ce possible ?<\/h5>\n<p>Oui, les visiteurs peuvent \u00eatre h\u00e9berg\u00e9s jusqu\u2019\u00e0 2 nuit\u00e9es. \u00c0 partir de la 3e nuit\u00e9e, ils seront consid\u00e9r\u00e9s comme des patients \u00e0 part enti\u00e8re, et int\u00e9gr\u00e9s au processus m\u00e9dico-th\u00e9rapeutique de nos offres de sant\u00e9 holistiques.[\/vc_column_text][\/vc_tta_section][vc_tta_section title=\u00a0\u00bbPuis-je ne passer qu\u2019un week-end chez vous ?\u00a0\u00bb tab_id=\u00a0\u00bb1528122834137-58aaf2bf-c7cc\u00a0\u00bb][vc_column_text]\n<h5>Ayant un agenda surcharg\u00e9, je souhaiterais me d\u00e9tendre juste le temps d\u2019un week-end, c\u2019est possible chez vous ?<\/h5>\n<p>Bien s\u00fbr, nous vous accueillerons volontiers le temps d\u2019un week-end, pour vous permettre de d\u00e9couvrir notre vaste gamme de services. \u00c0 noter toutefois que si vous voulez pouvoir profiter pleinement des effets bienfaisants et salutaires de nos offres th\u00e9rapeutiques, il est vivement recommand\u00e9 d\u2019opter pour un s\u00e9jour d\u2019au moins une semaine, voire deux, lorsque vous souhaitez je\u00fbner.[\/vc_column_text][\/vc_tta_section][vc_tta_section title=\u00a0\u00bbLes chambres disposent-elles d\u2019un acc\u00e8s internet et d\u2019une t\u00e9l\u00e9vision ?\u00a0\u00bb tab_id=\u00a0\u00bb1528122989998-c4677166-7009&Prime;][vc_column_text]\n<h5>Puis-je regarder la t\u00e9l\u00e9vision ou surfer sur Internet dans ma chambre ?<\/h5>\n<p>Il va de soi que si vous le d\u00e9sirez, vous pouvez faire les deux sans probl\u00e8me : toutes les chambres sont effectivement \u00e9quip\u00e9es d\u2019une connexion WLAN, et moyennant un suppl\u00e9ment, nous vous mettrons \u00e0 disposition un poste de t\u00e9l\u00e9vision. Toutefois, si vous souhaitez profiter au maximum de votre s\u00e9jour, et notamment des bienfaits procur\u00e9s par le Je\u00fbne Th\u00e9rapeutique, nous ne saurions trop vous recommander de vous abstenir de toutes stimulations externes, induites par Internet, t\u00e9l\u00e9vision, radio, t\u00e9l\u00e9phone, et autres m\u00e9dias, en vue de vous r\u00e9server pour les meilleures ! \u00c9chappez-vous tout simplement de la cacophonie du monde ext\u00e9rieur, soyez \u00e0 l\u2019\u00e9coute de votre for int\u00e9rieur et surtout de la superbe m\u00e9lodie in\u00e9dite qui, lors du je\u00fbne, s\u2019\u00e9l\u00e8ve spontan\u00e9ment des vibrations des cordes artistiques et culturelles, harmonis\u00e9es par le chant de la nature.[\/vc_column_text][\/vc_tta_section][vc_tta_section title=\u00a0\u00bb\u00c0 quoi correspondent les diff\u00e9rentes cat\u00e9gories de chambre ?\u00a0\u00bb tab_id=\u00a0\u00bb1528123106208-bb57ecb4-d734&Prime;][vc_column_text]\n<h5>Le choix d\u2019une cat\u00e9gorie de chambre influe-t-il sur les services ?<\/h5>\n<p>Non, la diff\u00e9rence de prix des diverses cat\u00e9gories de chambre r\u00e9sulte uniquement de la situation, l\u2019orientation, la dimension et l\u2019agencement des chambres en question, mais n\u2019a aucune incidence sur les services th\u00e9rapeutiques ou autres.[\/vc_column_text][\/vc_tta_section][vc_tta_section title=\u00a0\u00bbQuelles sont les prestations incluses dans le tarif ?\u00a0\u00bb tab_id=\u00a0\u00bb1528123165222-59647d26-ae3e\u00a0\u00bb][vc_column_text]\n<h5>Que comportent les diff\u00e9rents forfaits que l\u2019on peut r\u00e9server chez Buchinger Wilhelmi ?<\/h5>\n<p>Le tarif des forfaits comprend toute une s\u00e9rie de services inclus, dont : les consultations m\u00e9dicales, un service de soins 24 heures sur 24, l\u2019examen de laboratoire de base, la restauration sp\u00e9cial je\u00fbne, sous la forme de diff\u00e9rentes sortes d\u2019eaux et de tisanes, de jus de fruits et de bouillons de l\u00e9gumes fra\u00eechement pr\u00e9par\u00e9s, et un bon de th\u00e9rapies et de soins divers. Sans oublier les multiples activit\u00e9s inscrites au Programme hebdomadaire ainsi que l\u2019utilisation de l\u2019ensemble de nos \u00e9quipements et installations. Ces services font tous partie de nos forfaits, seule la hauteur du montant du bon de th\u00e9rapies varie en fonction de la dur\u00e9e du s\u00e9jour r\u00e9serv\u00e9. Vous trouverez ici la liste d\u00e9taill\u00e9e de nos tarifs .[\/vc_column_text][\/vc_tta_section][vc_tta_section title=\u00a0\u00bbComment se d\u00e9roule mon jour d\u2019arriv\u00e9e ?\u00a0\u00bb tab_id=\u00a0\u00bb1528123251839-dc3080e0-8371&Prime;][vc_column_text]\n<h5>Quand dois-je arriver ? Quand puis-je emm\u00e9nager dans ma chambre, et avec qui puis-je r\u00e9gler tous les d\u00e9tails de mon s\u00e9jour ?<\/h5>\n<p>Le jour de votre arriv\u00e9e, votre chambre sera disponible d\u00e8s 16 h. Notre \u00c9quipe d\u2019accueil se tiendra alors \u00e0 votre enti\u00e8re disposition pour vous renseigner, mais aussi pour vous faire visiter nos installations. Pour vous permettre de d\u00e9buter votre programme sans tarder, pr\u00e9venez-nous au pr\u00e9alable si vous d\u00e9sirez un rendez-vous avec un m\u00e9decin, le jour m\u00eame de votre arriv\u00e9e[\/vc_column_text][\/vc_tta_section][vc_tta_section title=\u00a0\u00bbComment, quand et o\u00f9 sont planifi\u00e9s les th\u00e9rapies et les soins propos\u00e9s ?\u00a0\u00bb tab_id=\u00a0\u00bb1528123303210-c74339df-ee66&Prime;][vc_column_text]\n<div class=\"views-row views-row-11 views-row-odd expanded\">\n<div id=\"node-148\" class=\"node node-faq clearfix\" role=\"article\">\n<div class=\"content\">\n<div class=\"field field-name-body field-type-text-with-summary field-label-hidden\">\n<div class=\"field-items\">\n<div class=\"field-item even\">\n<h5>Avec un \u00e9ventail si vaste de soins et de traitements personnalis\u00e9s, comment fonctionne la planification du calendrier ? \u00c0 qui dois-je m\u2019adresser ?<\/h5>\n<p>Lors de votre premi\u00e8re consultation, votre m\u00e9decin traitant \u00e9tablit avec vous un programme th\u00e9rapeutique personnalis\u00e9. Le reste de la planification, soit vos diff\u00e9rents rendez-vous th\u00e9rapeutiques et autres, est centralis\u00e9 et g\u00e9r\u00e9 par ladite \u00e9quipe de planning des th\u00e9rapies.<\/p>\n<p>Toutefois, si vous vous \u00eates d\u00e9j\u00e0 familiaris\u00e9 avec toutes les offres de nos maisons, vous pouvez volontiers contacter cette derni\u00e8re avant m\u00eame d\u2019arriver, en vue de l\u2019informer \u00e0 l\u2019avance de vos pr\u00e9f\u00e9rences, et de pouvoir ainsi commencer votre programme personnalis\u00e9, d\u00e8s le premier jour.<\/p>\n<p>\u00c0 cet effet, voici l\u2019adresse de l\u2019\u00e9quipe de planning des th\u00e9rapies, chez Buchinger Wilhelmi, au Bodensee : <a href=\"mailto:therapieplanung@buchinger.com\">therapieplanung@buchinger-wilhelmi.com<\/a> ; et celle, \u00e0 Marbella : <a href=\"mailto:planificacion@buchinger.es\">planificacion@buchinger-wilhelmi.es\u00a0<\/a>.<\/p>\n<\/div>\n<\/div>\n<\/div>\n<\/div>\n<\/div>\n<\/div>\n<div class=\"views-row views-row-12 views-row-even\">\n<div id=\"node-146\" class=\"node node-faq clearfix\" role=\"article\">\n<div>\n<h2><\/h2>\n<\/div>\n<div class=\"content\">\n<div class=\"field field-name-title-field field-type-text field-label-hidden\">\n<div class=\"field-items\"><\/div>\n<\/div>\n<\/div>\n<\/div>\n<\/div>\n[\/vc_column_text][\/vc_tta_section][vc_tta_section title=\u00a0\u00bbPuis-je parler au pr\u00e9alable avec un m\u00e9decin ?\u00a0\u00bb tab_id=\u00a0\u00bb1528123380456-1d4bb761-7d63&Prime;][vc_column_text]\n<h5>Si lors de mes pr\u00e9paratifs de s\u00e9jour, j\u2019ai des questions d\u2019ordre m\u00e9dical, puis-je prendre directement contact avec l\u2019un de vos m\u00e9decins ?<\/h5>\n<p>Quelle que soit la nature de vos questions et notamment en cas d\u2019incertitude face \u00e0 n\u2019importe quelle question m\u00e9dicale, n\u2019h\u00e9sitez surtout pas \u00e0 nous contacter. Nous conviendrons avec vous d\u2019un rendez-vous t\u00e9l\u00e9phonique avec le m\u00e9decin qui saura lever vos doutes. Pour ce faire, veuillez nous envoyer votre requ\u00eate par le biais de notre formulaire de contact \u00ab Requ\u00eate m\u00e9dicale \u00bb. Attention, cette adresse \u00e9lectronique \u00e9tant prot\u00e9g\u00e9e contre les spambots, vous devez activer JavaScript, afin de pouvoir la visualiser !<\/p>\n<p><u><a href=\"https:\/\/www.buchinger-wilhelmi.com\/fr\/kontakt\/\">Requ\u00eate d\u2019ordre m\u00e9dical<\/a><\/u>.[\/vc_column_text][\/vc_tta_section][vc_tta_section title=\u00a0\u00bbLe je\u00fbne peut-il d\u00e9clencher une crise de goutte ?\u00a0\u00bb tab_id=\u00a0\u00bb1528123480797-fe0d41b4-ede6&Prime;][vc_column_text]\n<h5>On dit que les pertes de poids rapides, occasionn\u00e9es par des r\u00e9gimes s\u00e9v\u00e8res, d\u00e9clenchent souvent des crises de goutte. Qu\u2019en est-il du je\u00fbne ?<\/h5>\n<p>Lors de je\u00fbnes suivis sous contr\u00f4le m\u00e9dical, ces crises sont vraiment rarissimes. L\u2019apport abondant de liquides, le respect des r\u00e8gles fondamentales du je\u00fbne, l\u2019observation du taux d\u2019acide urique et, le cas \u00e9ch\u00e9ant, la prescription d\u2019une m\u00e9dication ad\u00e9quate chez les personnes \u00e0 risques, suffisent \u00e0 pr\u00e9venir d\u2019\u00e9ventuelles crises de goutte.[\/vc_column_text][\/vc_tta_section][vc_tta_section title=\u00a0\u00bbJe\u00fbner augmente-t-il le risque de former des calculs biliaires ?\u00a0\u00bb tab_id=\u00a0\u00bb1528123570223-9db47bb0-ae50&Prime;][vc_column_text]\n<h5>Une perte de poids extr\u00eame constitue un facteur qui favorise les calculs et les coliques biliaires. Le je\u00fbne aussi ?<\/h5>\n<p>Lors de mesures draconiennes, ciblant la r\u00e9duction de poids et s\u2019accompagnant d\u2019un amaigrissement rapide, par exemple apr\u00e8s une restriction du volume de l\u2019estomac ou de r\u00e9gimes prot\u00e9in\u00e9s, on a effectivement observ\u00e9 la formation de calculs biliaires chez pr\u00e8s de 8\u00a0% des sujets concern\u00e9s apr\u00e8s 4 semaines, voire entre 20 et 35 % apr\u00e8s plusieurs mois de perte de poids continue. \u00c0 notre connaissance, l\u2019apparition de tels calculs n\u2019a jamais \u00e9t\u00e9 constat\u00e9e \u00e0 la suite d\u2019un je\u00fbne th\u00e9rapeutique, ce qui tient probablement au fait que le je\u00fbne th\u00e9rapeutique n\u2019est rarement pratiqu\u00e9 chez nous plus de 3 \u00e0 4 semaines, et que les suppl\u00e9ments de vitamines, prot\u00e9ines et autres, sont toujours administr\u00e9s sous forme naturelle.[\/vc_column_text][\/vc_tta_section][vc_tta_section title=\u00a0\u00bbLe je\u00fbne ne risque-t-il pas de d\u00e9shydrater et de d\u00e9min\u00e9raliser l\u2019organisme ?\u00a0\u00bb tab_id=\u00a0\u00bb1528123624931-1785d6b3-9384&Prime;][vc_column_text]\n<h5>Je ne m\u2019alimente pratiquement plus, mais continue \u00e0 \u00e9liminer&#8230; Ne vais-je pas au-devant d\u2019une carence en min\u00e9raux ?<\/h5>\n<p>Aucun souci \u00e0 avoir de ce c\u00f4t\u00e9. En p\u00e9riode de je\u00fbne, toute perte en min\u00e9raux, susceptible de pr\u00e9senter un quelconque risque physiologique, est automatiquement compens\u00e9e par des m\u00e9canismes r\u00e9gulateurs naturels. En outre, les jus de fruits et de l\u00e9gumes fra\u00eechement pr\u00e9par\u00e9s, que nous vous proposons pendant cette p\u00e9riode d\u2019abstinence, vous apportent les quantit\u00e9s n\u00e9cessaires en potassium et autres min\u00e9raux. Il est n\u00e9anmoins possible de voir appara\u00eetre certains sympt\u00f4mes ind\u00e9sirables\u00a0: tension art\u00e9rielle trop basse, vertiges, maux de t\u00eate, fatigue, s\u00e9cheresse de la peau et des muqueuses, mauvaise haleine et frilosit\u00e9 excessive, etc. Rien de grave&#8230; g\u00e9n\u00e9ralement ces sympt\u00f4mes diminuent, voire disparaissent rapidement ou spontan\u00e9ment, gr\u00e2ce \u00e0 des soins ou traitements naturopathiques : th\u00e9 noir, miel, bains chauds ou enveloppements, soins Kneipp, exercices physiques et stimulation des voies de d\u00e9toxication physiologiques : intestin, foie, reins, poumons et peau, etc., autant de mesures qui garantissent, chez nous, \u00e0 nos h\u00f4tes, une cure des plus confortables. D\u2019ailleurs, la majorit\u00e9 de nos h\u00f4tes \u00e9prouvent en je\u00fbnant un bien-\u00eatre physique, psychique et mental, toujours croissant ![\/vc_column_text][\/vc_tta_section][vc_tta_section title=\u00a0\u00bbLe je\u00fbne ne risque t-il pas d\u2019affaiblir le myocarde ?\u00a0\u00bb tab_id=\u00a0\u00bb1528123722695-bb339028-cf0a\u00a0\u00bb][vc_column_text]\n<h5>Est-ce que le muscle cardiaque perd de ses prot\u00e9ines pendant le je\u00fbne ? Le cas \u00e9ch\u00e9ant, comment cela se traduit-il?<\/h5>\n<p>Lorsque l\u2019on je\u00fbne, la combustion d\u2019une petite quantit\u00e9 de prot\u00e9ines est tout \u00e0 fait normale et ne pose aucun probl\u00e8me en soi, idem pour le myocarde. Lors d\u2019un je\u00fbne pratiqu\u00e9 dans les r\u00e8gles de l\u2019art, les performances musculaires, y compris celles du muscle cardiaque, augmentent, et cela, d\u2019autant plus que le je\u00fbneur suit simultan\u00e9ment un programme d\u2019exercices physiques ad\u00e9quat. Le je\u00fbneur voit g\u00e9n\u00e9ralement sa condition physique et sa mobilit\u00e9 s\u2019am\u00e9liorer au fil de sa cure, et participe m\u00eame \u00e0 des activit\u00e9s toujours plus performantes dans les diverses disciplines sportives qu\u2019il a choisies (randonn\u00e9e, gymnastique, etc.). Autre exemple \u00e9loquent, cette fois-ci issu du monde animal : les oiseaux migrateurs. Ces derniers ne survolent-ils pas mers et d\u00e9serts sans boire ni manger, et ce, malgr\u00e9 une activit\u00e9 physique extr\u00eame ?! Ce faisant, ils ne br\u00fblent pas seulement les prot\u00e9ines musculaires de l\u2019appareil locomoteur, mais aussi celles du myocarde. Et si leur masse musculaire cardiaque diminue de pr\u00e8s de 20 %, leurs performances, elles, restent inchang\u00e9es ![\/vc_column_text][\/vc_tta_section][vc_tta_section title=\u00a0\u00bbEst-il dangereux de je\u00fbner ?\u00a0\u00bb tab_id=\u00a0\u00bb1528123790220-bf2d17bc-2717&Prime;][vc_column_text]\n<h5>Le Je\u00fbne Th\u00e9rapeutique ne risque-t-il pas d\u2019affaiblir l\u2019organisme au point de mettre sa sant\u00e9 en danger ?<\/h5>\n<p>Non ! Le je\u00fbne th\u00e9rapeutique, sous suivi m\u00e9dical, n\u2019est pas dangereux. Bien au contraire : il s\u2019av\u00e8re \u00eatre une th\u00e9rapie tr\u00e8s efficace pour traiter des maladies du m\u00e9tabolisme et de nombreuses pathologies li\u00e9es \u00e0 notre soci\u00e9t\u00e9 d\u2019abondance (surpoids, hypertension, etc.), r\u00e9duisant par-l\u00e0 de multiples facteurs de risques sanitaires. Sans parler des effets favorables qu\u2019il exerce sur les rhumatismes, l\u2019asthme, les allergies, la migraine, et dans le traitement de beaucoup d\u2019autres pathologies.[\/vc_column_text][\/vc_tta_section][vc_tta_section title=\u00a0\u00bbQu\u2019en est -il de l\u2019effet yoyo ?\u00a0\u00bb tab_id=\u00a0\u00bb1528123840699-7392fffb-5a27&Prime;][vc_column_text]\n<h5>Le je\u00fbne induit-il, \u00e0 l\u2019instar d\u2019autres m\u00e9thodes pour perdre du poids, l\u2019effet yoyo tellement redout\u00e9 ? Le cas \u00e9ch\u00e9ant, peut-on \u00e9viter ce dernier par la prise de boissons prot\u00e9in\u00e9es ?<\/h5>\n<p>Reprendre du poids apr\u00e8s l\u2019interruption du je\u00fbne est tout \u00e0 fait normal. Cependant, ne pas en reprendre de fa\u00e7on excessive n\u2019est certainement pas conditionn\u00e9 par la prise de boissons prot\u00e9in\u00e9es ou d\u2019autres formes de suppl\u00e9mentation, mais uniquement par votre pr\u00e9paration mentale, psychique et corporelle, durant le je\u00fbne, laquelle vous fait adopter une nouvelle hygi\u00e8ne de vie plus saine. Nos statistiques cliniques sont \u00e0 ce sujet fort \u00e9loquentes : apr\u00e8s 10\u00a0cures de je\u00fbne, \u00e0 raison d\u2019un s\u00e9jour par an, comme traditionnellement pr\u00e9conis\u00e9, un tiers de nos h\u00f4tes r\u00e9guliers pesait moins qu\u2019au d\u00e9but de son premier je\u00fbne ; un autre tiers avait conserv\u00e9 son poids initial, et seul le dernier tiers avait repris du poids, et encore pour la plupart des h\u00f4tes concern\u00e9s, de mani\u00e8re tout \u00e0 fait insignifiante. Du reste, l\u2019alternance de perte de poids et de reprise des kilos perdus n\u2019a rien d\u2019inhabituel dans la nature, mais fait au contraire partie du rythme naturel chez beaucoup de formes de vie plus \u00e9volu\u00e9es, lesquelles stockent de la graisse en p\u00e9riode d\u2019abondance alimentaire, pour pouvoir vivre de leurs r\u00e9serves, d\u00e8s que la nourriture vient \u00e0 faire d\u00e9faut, et sans pour autant prendre du poids au fil du temps ! En outre, je\u00fbner permet de s\u2019adapter plus facilement \u00e0 un nouveau style de vie, et induit de ce fait positivement et durablement sur le poids.[\/vc_column_text][\/vc_tta_section][vc_tta_section title=\u00a0\u00bbCombien de poids vais-je perdre en je\u00fbnant pendant deux semaines ?\u00a0\u00bb tab_id=\u00a0\u00bb1528123842722-f5ae53ea-07d2&Prime;][vc_column_text]\n<h5>Je peux m\u2019attendre \u00e0 perdre combien de kilos, existe-t-il des chiffres concrets ?<\/h5>\n<p>Non, il est impossible d\u2019estimer \u00e0 l\u2019avance combien vous allez perdre exactement. La perte de poids varie d\u2019une personne \u00e0 l\u2019autre, et d\u00e9pend de moult facteurs, dont l\u2019\u00e2ge, la constitution et le poids initial, mais aussi le sexe, les habitudes alimentaires, l\u2019exercice pratiqu\u00e9, ou encore la capacit\u00e9 \u00e0 se relaxer. N\u00e9anmoins, \u00e0 titre indicatif : pour des patients pr\u00e9sentant une surcharge pond\u00e9rale importante, la perte de poids se situe g\u00e9n\u00e9ralement entre 200 et 500 g\/jour. En revanche, si vous je\u00fbnez pour d\u2019autres raisons, une maladie inflammatoire chronique par exemple, il est possible de ralentir la perte de poids par le biais d\u2019une suppl\u00e9mentation sp\u00e9cifique, et ce, sans minimiser les effets positifs de votre cure.[\/vc_column_text][\/vc_tta_section][vc_tta_section title=\u00a0\u00bbLe Je\u00fbne Th\u00e9rapeutique est-il un moyen appropri\u00e9 pour maigrir durablement ?\u00a0\u00bb tab_id=\u00a0\u00bb1528123933814-ad03e7cf-c25e\u00a0\u00bb][vc_column_text]\n<h5>Peut-on maigrir en je\u00fbnant ou \u00e9viter de continuer \u00e0 grossir\u00a0?<\/h5>\n<p>S\u2019il est bien connu que les hommes entre 30 et 40 ans et les femmes apr\u00e8s leur m\u00e9nopause ont tendance \u00e0 prendre du poids, il est clair aussi que le je\u00fbne peut parfaitement enrayer ce processus. Nombre de personnes maintiennent leur poids normal en je\u00fbnant, ou combattent avec succ\u00e8s leur tendance au surpoids en pratiquant r\u00e9guli\u00e8rement un je\u00fbne th\u00e9rapeutique encadr\u00e9 m\u00e9dicalement par l\u2019expertise de sp\u00e9cialistes. L\u2019organisme qui je\u00fbne br\u00fble essentiellement de la graisse et non des prot\u00e9ines, et ce, d\u00e8s le d\u00e9but. Toutefois, il est vrai qu\u2019il \u00e9limine \u00e9galement des prot\u00e9ines, et notamment celles des cellules musculaires. N\u00e9anmoins, ces derni\u00e8res sont \u00e0 m\u00eame de perdre des prot\u00e9ines sans dommage. Au contraire : l\u2019\u00e9limination des prot\u00e9ines est un ph\u00e9nom\u00e8ne r\u00e9versible qui peut m\u00eame, le cas \u00e9ch\u00e9ant, avoir un effet th\u00e9rapeutique dans le traitement de certaines maladies. Comme dans la majorit\u00e9 des r\u00e9gimes, l\u2019organisme \u00e9vacue au d\u00e9but beaucoup d\u2019eau, d\u2019une part en raison de la perte de l\u2019eau li\u00e9e au glycog\u00e8ne et aux prot\u00e9ines, mais aussi sous l\u2019action d\u00e9min\u00e9ralisante et drainante du je\u00fbne, laquelle a un effet particuli\u00e8rement favorable en cas d\u2019hypertension ou de r\u00e9tention d\u2019eau (ou \u0153d\u00e8me).[\/vc_column_text][\/vc_tta_section][vc_tta_section title=\u00a0\u00bb\u00ab D\u00e9toxication \u00bb, que sa quo ?\u00a0\u00bb tab_id=\u00a0\u00bb1528124015288-92cb7b52-2359&Prime;][vc_column_text]\n<h5>Comment le Je\u00fbne Th\u00e9rapeutique peut-il donc favoriser la destruction de substances toxiques chez l\u2019\u00eatre humain, et que sont ces fameuses \u00ab toxines \u00bb ?<\/h5>\n<p>Le terme \u00ab D\u00e9toxication \u00bb est une m\u00e9taphore d\u00e9j\u00e0 utilis\u00e9e par Dr Otto Buchinger pour d\u00e9signer, d\u2019une part le sentiment subjectif de bien-\u00eatre, de l\u00e9g\u00e8ret\u00e9 et de clart\u00e9 croissante qu\u2019\u00e9prouve tout je\u00fbneur, de l\u2019autre les modifications objectives constat\u00e9es : la peau se nettoie, la respiration s\u2019am\u00e9liore, l\u2019humeur est plus positive, les douleurs disparaissent.<\/p>\n<p>Et lorsque l\u2019on parle de \u00ab toxines \u00bb, on entend par l\u00e0, toujours au figur\u00e9, toutes ces substances sp\u00e9cifiques, s\u00e9cr\u00e9t\u00e9es en quantit\u00e9 trop \u00e9lev\u00e9e dans le sang, comme le cholest\u00e9rol ou autres lipides sanguins, mais aussi le glucose, ou encore les d\u00e9p\u00f4ts graisseux ou vasculaires excessifs, sans oublier toutes les accumulations nocives de prot\u00e9ines d\u00e9g\u00e9n\u00e9r\u00e9es (AGEs &#8211; produits terminaux de glycation ou complexes immuns). Dans la majorit\u00e9 des cas, le je\u00fbne th\u00e9rapeutique, encadr\u00e9 m\u00e9dicalement, permet de normaliser les taux sanguins et de r\u00e9duire les d\u00e9p\u00f4ts lipidiques. D\u2019ailleurs, il est notoire qu\u2019une alimentation extr\u00eamement pauvre en graisses contribue \u00e0 inhiber l\u2019agr\u00e9gation des plaquettes sanguines, typique de l\u2019art\u00e9rioscl\u00e9rose.[\/vc_column_text][\/vc_tta_section][vc_tta_section title=\u00a0\u00bbQuand est-il indiqu\u00e9 de je\u00fbner ?\u00a0\u00bb tab_id=\u00a0\u00bb1528124064348-46a6a9d2-d863&Prime;][vc_column_text]\n<h5><strong>Quelles sont les indications m\u00e9dicales du je\u00fbne th\u00e9rapeutique <\/strong>?<\/h5>\n<p>D\u2019un point de vue m\u00e9dical, le je\u00fbne th\u00e9rapeutique est indiqu\u00e9 dans le traitement de maladies du m\u00e9tabolisme, et plus pr\u00e9cis\u00e9ment en cas de taux lipidiques \u00e9lev\u00e9s, de diab\u00e8tes (notamment le diab\u00e8te mellitus de type 2 ou diab\u00e8te sucr\u00e9) ou de syndromes m\u00e9taboliques. Mais \u00e9galement en cas de surpoids, et plus particuli\u00e8rement, lorsqu\u2019il s\u2019agit de modifier durablement son mode de vie. On obtient \u00e9galement de bons r\u00e9sultats dans le traitement de maladies inflammatoires chroniques, telles que les polyarthrites rhumato\u00efdes, ou les pathologies articulaires, comme l\u2019arthrose. M\u00eame les troubles fonctionnels intestinaux, la migraine, le syndrome polyalgique idiopathique diffus ainsi que de multiples autres pathologies peuvent \u00eatre favorablement influenc\u00e9s par le je\u00fbne. Lors d\u2019\u00e9tudes men\u00e9es sur des mod\u00e8les animaux, le je\u00fbne a donn\u00e9 de bons effets th\u00e9rapeutiques dans le traitement de diff\u00e9rents types de cancer. Cependant, ne disposant pas \u00e0 ce jour de conclusions comparables chez l\u2019homme, nous nous abstenons encore de traiter ces types de pathologies.<\/p>\n<p><a href=\"https:\/\/www.buchinger-wilhelmi.com\/fr\/heilfasten-und-ernaehrungsstrategien\/#indikatoren\">Indications<\/a>[\/vc_column_text][\/vc_tta_section][vc_tta_section title=\u00a0\u00bbQuelles sont les options \u00e0 ma disposition, lorsque je d\u00e9sire ne pas je\u00fbner du tout ?\u00a0\u00bb tab_id=\u00a0\u00bb1528124110978-7329c31c-bb2d\u00a0\u00bb][vc_column_text]\n<h5><strong>Puis-je profiter des offres holistiques de Buchinger Wilhelmi, m\u00eame sans je\u00fbner <\/strong>?<\/h5>\n<p>Mais bien s\u00fbr ! En qualit\u00e9 d\u2019h\u00f4te de notre maison, vous jouissez de l\u2019int\u00e9gralit\u00e9 des offres m\u00e9dicales et autres, propos\u00e9es chez nous, et ce, m\u00eame sans je\u00fbner ! Notre \u00e9quipe m\u00e9dicale se fera un plaisir de vous \u00e9tablir un programme th\u00e9rapeutique personnalis\u00e9 qui r\u00e9servera une place toute privil\u00e9gi\u00e9e \u00e0 la nutrition et \u00e0 la di\u00e9t\u00e9tique. Une alimentation saine peut vraiment \u00eatre d\u00e9licieuse ![\/vc_column_text][\/vc_tta_section][vc_tta_section title=\u00a0\u00bbPeut-on chez vous suivre des s\u00e9jours de je\u00fbne th\u00e9rapeutique \u00e9clair ?\u00a0\u00bb tab_id=\u00a0\u00bb1528124159985-68e4810f-2d10&Prime;][vc_column_text]\n<h5>Existe-t-il en dehors des dur\u00e9es couramment pr\u00e9conis\u00e9es un temps de s\u00e9jour minimum pour le Je\u00fbne Th\u00e9rapeutique\u00a0?<\/h5>\n<p>Pour suivre, chez nous, un je\u00fbne th\u00e9rapeutique, pr\u00e9voyez au moins dix jours, car c\u2019est le temps minimum dont votre organisme a besoin pour vivre de mani\u00e8re optimale les jours de repos digestifs, ceux du je\u00fbne th\u00e9rapeutique \u00e0 proprement parler et ceux de la r\u00e9alimentation, apr\u00e8s rupture de la p\u00e9riode d\u2019abstinence. Si vous d\u00e9sirez toutefois faire notre connaissance, planifier quelques jours de repos digestif ou profiter de toute autre offre propos\u00e9e dans nos maisons, tout en adoptant un r\u00e9gime raffin\u00e9, mais complet et l\u00e9ger, il est \u00e9vident que vous pouvez r\u00e9server des s\u00e9jours plus brefs.[\/vc_column_text][\/vc_tta_section][vc_tta_section title=\u00a0\u00bbCombien de temps est-il recommand\u00e9 de je\u00fbner ?\u00a0\u00bb tab_id=\u00a0\u00bb1528124201847-fe1c1f4d-2e97&Prime;][vc_column_text]\n<h5>Combien dure une cure de je\u00fbne th\u00e9rapeutique ? Y a-t-il des p\u00e9riodes de je\u00fbne plus indiqu\u00e9es que d\u2019autres ? \u00c0 quoi faut-il veiller ?<\/h5>\n<p>Pour pouvoir s\u2019adapter au m\u00e9tabolisme du je\u00fbne, l\u2019organisme a besoin entre 2 et 3 jours. S\u2019ensuit alors le temps du je\u00fbne \u00e0 proprement parler, qui peut durer plusieurs jours, voire plusieurs semaines, en fonction des indications m\u00e9dicales et de la constitution du je\u00fbneur. Vient ensuite la p\u00e9riode de r\u00e9alimentation. Plus le je\u00fbne est long, plus cette phase doit \u00eatre prolong\u00e9e. La dur\u00e9e classique d\u2019un s\u00e9jour de Je\u00fbne Th\u00e9rapeutique oscille chez nous entre deux et quatre semaines. Dans certains cas, toutefois, il est recommand\u00e9 de prolonger beaucoup plus longtemps les p\u00e9riodes de je\u00fbne pour garantir une efficacit\u00e9 maximale. C\u2019est \u00e0 nos m\u00e9decins qu\u2019il revient de d\u00e9cider, avec vous, lors de votre admission, voire avant, combien de temps il est bon pour vous de je\u00fbner.[\/vc_column_text][\/vc_tta_section][vc_tta_section title=\u00a0\u00bb\u00c0 quoi ressemble une cure de Je\u00fbne Th\u00e9rapeutique ?\u00a0\u00bb tab_id=\u00a0\u00bb1528124270371-043d0f51-16dc\u00a0\u00bb][vc_column_text]\n<h5>Y a-t-il diff\u00e9rentes phases \u00e0 respecter, un calendrier et des horaires pr\u00e9cis ?<\/h5>\n<p>Lorsque vous venez chez nous pour deux semaines, voici le d\u00e9roulement d\u2019une cure classique\u00a0: il vous faut d\u2019abord pr\u00e9parer votre organisme \u00e0 je\u00fbner, par le biais de ce que l\u2019on appelle le Jour de repos digestif. Cela consiste \u00e0 prendre ce jour-l\u00e0 env. 600 calories, sous forme de fruits ou de l\u00e9gumes, autrement dit, vous allez suivre un r\u00e9gime riche en glucides, pauvre en prot\u00e9ines et exempt de lipides. Viennent ensuite les neuf jours du je\u00fbne, r\u00e9gl\u00e9s selon des rythmes fixes et s\u2019accompagnant de leurs traitements et de leurs offres sp\u00e9cifiques. L\u2019interruption du je\u00fbne marque le d\u00e9but de ladite R\u00e9alimentation qui elle s\u2019\u00e9tale sur 4 jours, et au cours de laquelle vous allez pr\u00e9parer en douceur votre organisme \u00e0 passer de l\u2019alimentation interne \u00e0 l\u2019alimentation externe. La dur\u00e9e du je\u00fbne \u00e0 proprement parler peut \u00eatre prolong\u00e9e sur plusieurs jours, voire sur plusieurs semaines. Pour vous faire une id\u00e9e \u00e0 quoi ressemble une journ\u00e9e de je\u00fbne traditionnelle, lisez donc le compte-rendu qu\u2019il vous en est fait sous cette rubrique\u00a0:<\/p>\n<p><a href=\"https:\/\/www.buchinger-wilhelmi.com\/fr\/#eintag\">Une journ\u00e9e chez Buchinger Wilhelmi<\/a>[\/vc_column_text][\/vc_tta_section][vc_tta_section title=\u00a0\u00bbQuelles sont les m\u00e9thodes th\u00e9rapeutiques propos\u00e9es en plus du Je\u00fbne Th\u00e9rapeutique ?\u00a0\u00bb tab_id=\u00a0\u00bb1528124360010-d1504300-80d7&Prime;][vc_column_text]\n<h5>Qu\u2019entend-on par th\u00e9rapies dites de soutien, et quels sont les offres et traitements susceptibles de venir compl\u00e9ter une cure traditionnelle ?<\/h5>\n<p>Ciblant un bien-\u00eatre holistique, le Je\u00fbne Th\u00e9rapeutique Buchinger couvre, outre les th\u00e9rapies dites de soutien, d\u00e9j\u00e0 pr\u00e9conis\u00e9es par Dr Otto Buchinger, de multiples offres et traitements, d\u00e9di\u00e9s sp\u00e9cifiquement au corps, \u00e0 l\u2019\u00e2me et \u00e0 l\u2019esprit. Vous en trouverez la liste ainsi qu\u2019une description d\u00e9taill\u00e9e, en consultant la rubrique, ci-dessous :<\/p>\n<p><u><a href=\"https:\/\/www.buchinger-wilhelmi.com\/fr\/buchinger-wilhelmi-programm\/\">Notre Programme <\/a><\/u>[\/vc_column_text][\/vc_tta_section][\/vc_tta_accordion][\/vc_column][\/vc_row][vc_row full_width=\u00a0\u00bbstretch_row\u00a0\u00bb][vc_column el_class=\u00a0\u00bbstickystop\u00a0\u00bb][vc_empty_space height=\u00a0\u00bb60px\u00a0\u00bb][\/vc_column][\/vc_row]\n<\/div>","protected":false},"excerpt":{"rendered":"<p>Bon \u00e0 savoir. Bienvenue dans notre espace Foire aux questions (FAQ) !<\/p>\n","protected":false},"author":30,"featured_media":17731,"parent":0,"menu_order":0,"comment_status":"closed","ping_status":"closed","template":"","meta":{"_acf_changed":false,"_custom_body_class":"","_custom_post_class":"","_searchwp_excluded":"","inline_featured_image":false,"footnotes":""},"class_list":["post-18103","page","type-page","status-publish","has-post-thumbnail","hentry"],"acf":[],"yoast_head":"<!-- This site is optimized with the Yoast SEO plugin v23.8 - https:\/\/yoast.com\/wordpress\/plugins\/seo\/ -->\n<title>FAQ BUCHINGER WILHELMI<\/title>\n<meta name=\"description\" content=\"Voici les r\u00e9ponses aux questions les plus fr\u00e9quemment pos\u00e9es par nos h\u00f4tes, et, de ce fait, susceptibles de vous int\u00e9resser.\" \/>\n<meta name=\"robots\" content=\"index, follow, max-snippet:-1, max-image-preview:large, max-video-preview:-1\" \/>\n<link rel=\"canonical\" href=\"https:\/\/www.buchinger-wilhelmi.com\/fr\/faq\/\" \/>\n<meta property=\"og:locale\" content=\"fr_FR\" \/>\n<meta property=\"og:type\" content=\"article\" \/>\n<meta property=\"og:title\" content=\"FAQ BUCHINGER WILHELMI\" \/>\n<meta property=\"og:description\" content=\"Voici les r\u00e9ponses aux questions les plus fr\u00e9quemment pos\u00e9es par nos h\u00f4tes, et, de ce fait, susceptibles de vous int\u00e9resser.\" \/>\n<meta property=\"og:url\" content=\"https:\/\/www.buchinger-wilhelmi.com\/fr\/faq\/\" \/>\n<meta property=\"article:publisher\" content=\"https:\/\/www.facebook.com\/BuchingerWilhelmiMarbella\/\" \/>\n<meta property=\"article:modified_time\" content=\"2025-01-17T08:03:14+00:00\" \/>\n<meta property=\"og:image\" content=\"https:\/\/www.buchinger-wilhelmi.com\/wp-content\/uploads\/2018\/06\/3.5.1.-Hilfe-FAQ-Headerbild.jpg\" \/>\n\t<meta property=\"og:image:width\" content=\"2880\" \/>\n\t<meta property=\"og:image:height\" content=\"1920\" \/>\n\t<meta property=\"og:image:type\" content=\"image\/jpeg\" \/>\n<meta name=\"twitter:card\" content=\"summary_large_image\" \/>\n<meta name=\"twitter:label1\" content=\"Dur\u00e9e de lecture estim\u00e9e\" \/>\n\t<meta name=\"twitter:data1\" content=\"21 minutes\" \/>\n<script type=\"application\/ld+json\" class=\"yoast-schema-graph\">{\"@context\":\"https:\/\/schema.org\",\"@graph\":[{\"@type\":\"WebPage\",\"@id\":\"https:\/\/www.buchinger-wilhelmi.com\/fr\/faq\/\",\"url\":\"https:\/\/www.buchinger-wilhelmi.com\/fr\/faq\/\",\"name\":\"FAQ BUCHINGER WILHELMI\",\"isPartOf\":{\"@id\":\"https:\/\/www.buchinger-wilhelmi.com\/fr\/#website\"},\"primaryImageOfPage\":{\"@id\":\"https:\/\/www.buchinger-wilhelmi.com\/fr\/faq\/#primaryimage\"},\"image\":{\"@id\":\"https:\/\/www.buchinger-wilhelmi.com\/fr\/faq\/#primaryimage\"},\"thumbnailUrl\":\"https:\/\/www.buchinger-wilhelmi.com\/wp-content\/uploads\/2018\/06\/3.5.1.-Hilfe-FAQ-Headerbild.jpg\",\"datePublished\":\"2018-06-04T10:55:39+00:00\",\"dateModified\":\"2025-01-17T08:03:14+00:00\",\"description\":\"Voici les r\u00e9ponses aux questions les plus fr\u00e9quemment pos\u00e9es par nos h\u00f4tes, et, de ce fait, susceptibles de vous int\u00e9resser.\",\"breadcrumb\":{\"@id\":\"https:\/\/www.buchinger-wilhelmi.com\/fr\/faq\/#breadcrumb\"},\"inLanguage\":\"fr-FR\",\"potentialAction\":[{\"@type\":\"ReadAction\",\"target\":[\"https:\/\/www.buchinger-wilhelmi.com\/fr\/faq\/\"]}]},{\"@type\":\"ImageObject\",\"inLanguage\":\"fr-FR\",\"@id\":\"https:\/\/www.buchinger-wilhelmi.com\/fr\/faq\/#primaryimage\",\"url\":\"https:\/\/www.buchinger-wilhelmi.com\/wp-content\/uploads\/2018\/06\/3.5.1.-Hilfe-FAQ-Headerbild.jpg\",\"contentUrl\":\"https:\/\/www.buchinger-wilhelmi.com\/wp-content\/uploads\/2018\/06\/3.5.1.-Hilfe-FAQ-Headerbild.jpg\",\"width\":2880,\"height\":1920,\"caption\":\"Buchinger Wilhelmi, Fasten, Heilfasten, Fasting, Health, Integrative Medicine, Brunnen, Wasser, Fountain, Water, FAQ\"},{\"@type\":\"BreadcrumbList\",\"@id\":\"https:\/\/www.buchinger-wilhelmi.com\/fr\/faq\/#breadcrumb\",\"itemListElement\":[{\"@type\":\"ListItem\",\"position\":1,\"name\":\"Startseite\",\"item\":\"https:\/\/www.buchinger-wilhelmi.com\/fr\/\"},{\"@type\":\"ListItem\",\"position\":2,\"name\":\"FAQ\"}]},{\"@type\":\"WebSite\",\"@id\":\"https:\/\/www.buchinger-wilhelmi.com\/fr\/#website\",\"url\":\"https:\/\/www.buchinger-wilhelmi.com\/fr\/\",\"name\":\"\",\"description\":\"\",\"publisher\":{\"@id\":\"https:\/\/www.buchinger-wilhelmi.com\/fr\/#organization\"},\"potentialAction\":[{\"@type\":\"SearchAction\",\"target\":{\"@type\":\"EntryPoint\",\"urlTemplate\":\"https:\/\/www.buchinger-wilhelmi.com\/fr\/?s={search_term_string}\"},\"query-input\":{\"@type\":\"PropertyValueSpecification\",\"valueRequired\":true,\"valueName\":\"search_term_string\"}}],\"inLanguage\":\"fr-FR\"},{\"@type\":\"Organization\",\"@id\":\"https:\/\/www.buchinger-wilhelmi.com\/fr\/#organization\",\"name\":\"Buchinger Wilhelmi Holding GmbH & Co.KG\",\"url\":\"https:\/\/www.buchinger-wilhelmi.com\/fr\/\",\"logo\":{\"@type\":\"ImageObject\",\"inLanguage\":\"fr-FR\",\"@id\":\"https:\/\/www.buchinger-wilhelmi.com\/fr\/#\/schema\/logo\/image\/\",\"url\":\"https:\/\/www.buchinger-wilhelmi.com\/wp-content\/uploads\/2018\/04\/BW_Logo_black.png\",\"contentUrl\":\"https:\/\/www.buchinger-wilhelmi.com\/wp-content\/uploads\/2018\/04\/BW_Logo_black.png\",\"width\":303,\"height\":76,\"caption\":\"Buchinger Wilhelmi Holding GmbH & Co.KG\"},\"image\":{\"@id\":\"https:\/\/www.buchinger-wilhelmi.com\/fr\/#\/schema\/logo\/image\/\"},\"sameAs\":[\"https:\/\/www.facebook.com\/BuchingerWilhelmiMarbella\/\",\"https:\/\/www.instagram.com\/buchingerwilhelmi\/\",\"https:\/\/www.linkedin.com\/company\/buchingerwilhelmi\/\",\"https:\/\/www.pinterest.de\/buchingerwilhelmi\/\",\"https:\/\/www.youtube.com\/channel\/UC6jETvWDCI_W-VVG2AjxOfw\"]}]}<\/script>\n<!-- \/ Yoast SEO plugin. -->","yoast_head_json":{"title":"FAQ BUCHINGER WILHELMI","description":"Voici les r\u00e9ponses aux questions les plus fr\u00e9quemment pos\u00e9es par nos h\u00f4tes, et, de ce fait, susceptibles de vous int\u00e9resser.","robots":{"index":"index","follow":"follow","max-snippet":"max-snippet:-1","max-image-preview":"max-image-preview:large","max-video-preview":"max-video-preview:-1"},"canonical":"https:\/\/www.buchinger-wilhelmi.com\/fr\/faq\/","og_locale":"fr_FR","og_type":"article","og_title":"FAQ BUCHINGER WILHELMI","og_description":"Voici les r\u00e9ponses aux questions les plus fr\u00e9quemment pos\u00e9es par nos h\u00f4tes, et, de ce fait, susceptibles de vous int\u00e9resser.","og_url":"https:\/\/www.buchinger-wilhelmi.com\/fr\/faq\/","article_publisher":"https:\/\/www.facebook.com\/BuchingerWilhelmiMarbella\/","article_modified_time":"2025-01-17T08:03:14+00:00","og_image":[{"width":2880,"height":1920,"url":"https:\/\/www.buchinger-wilhelmi.com\/wp-content\/uploads\/2018\/06\/3.5.1.-Hilfe-FAQ-Headerbild.jpg","type":"image\/jpeg"}],"twitter_card":"summary_large_image","twitter_misc":{"Dur\u00e9e de lecture estim\u00e9e":"21 minutes"},"schema":{"@context":"https:\/\/schema.org","@graph":[{"@type":"WebPage","@id":"https:\/\/www.buchinger-wilhelmi.com\/fr\/faq\/","url":"https:\/\/www.buchinger-wilhelmi.com\/fr\/faq\/","name":"FAQ BUCHINGER WILHELMI","isPartOf":{"@id":"https:\/\/www.buchinger-wilhelmi.com\/fr\/#website"},"primaryImageOfPage":{"@id":"https:\/\/www.buchinger-wilhelmi.com\/fr\/faq\/#primaryimage"},"image":{"@id":"https:\/\/www.buchinger-wilhelmi.com\/fr\/faq\/#primaryimage"},"thumbnailUrl":"https:\/\/www.buchinger-wilhelmi.com\/wp-content\/uploads\/2018\/06\/3.5.1.-Hilfe-FAQ-Headerbild.jpg","datePublished":"2018-06-04T10:55:39+00:00","dateModified":"2025-01-17T08:03:14+00:00","description":"Voici les r\u00e9ponses aux questions les plus fr\u00e9quemment pos\u00e9es par nos h\u00f4tes, et, de ce fait, susceptibles de vous int\u00e9resser.","breadcrumb":{"@id":"https:\/\/www.buchinger-wilhelmi.com\/fr\/faq\/#breadcrumb"},"inLanguage":"fr-FR","potentialAction":[{"@type":"ReadAction","target":["https:\/\/www.buchinger-wilhelmi.com\/fr\/faq\/"]}]},{"@type":"ImageObject","inLanguage":"fr-FR","@id":"https:\/\/www.buchinger-wilhelmi.com\/fr\/faq\/#primaryimage","url":"https:\/\/www.buchinger-wilhelmi.com\/wp-content\/uploads\/2018\/06\/3.5.1.-Hilfe-FAQ-Headerbild.jpg","contentUrl":"https:\/\/www.buchinger-wilhelmi.com\/wp-content\/uploads\/2018\/06\/3.5.1.-Hilfe-FAQ-Headerbild.jpg","width":2880,"height":1920,"caption":"Buchinger Wilhelmi, Fasten, Heilfasten, Fasting, Health, Integrative Medicine, Brunnen, Wasser, Fountain, Water, FAQ"},{"@type":"BreadcrumbList","@id":"https:\/\/www.buchinger-wilhelmi.com\/fr\/faq\/#breadcrumb","itemListElement":[{"@type":"ListItem","position":1,"name":"Startseite","item":"https:\/\/www.buchinger-wilhelmi.com\/fr\/"},{"@type":"ListItem","position":2,"name":"FAQ"}]},{"@type":"WebSite","@id":"https:\/\/www.buchinger-wilhelmi.com\/fr\/#website","url":"https:\/\/www.buchinger-wilhelmi.com\/fr\/","name":"","description":"","publisher":{"@id":"https:\/\/www.buchinger-wilhelmi.com\/fr\/#organization"},"potentialAction":[{"@type":"SearchAction","target":{"@type":"EntryPoint","urlTemplate":"https:\/\/www.buchinger-wilhelmi.com\/fr\/?s={search_term_string}"},"query-input":{"@type":"PropertyValueSpecification","valueRequired":true,"valueName":"search_term_string"}}],"inLanguage":"fr-FR"},{"@type":"Organization","@id":"https:\/\/www.buchinger-wilhelmi.com\/fr\/#organization","name":"Buchinger Wilhelmi Holding GmbH & Co.KG","url":"https:\/\/www.buchinger-wilhelmi.com\/fr\/","logo":{"@type":"ImageObject","inLanguage":"fr-FR","@id":"https:\/\/www.buchinger-wilhelmi.com\/fr\/#\/schema\/logo\/image\/","url":"https:\/\/www.buchinger-wilhelmi.com\/wp-content\/uploads\/2018\/04\/BW_Logo_black.png","contentUrl":"https:\/\/www.buchinger-wilhelmi.com\/wp-content\/uploads\/2018\/04\/BW_Logo_black.png","width":303,"height":76,"caption":"Buchinger Wilhelmi Holding GmbH & Co.KG"},"image":{"@id":"https:\/\/www.buchinger-wilhelmi.com\/fr\/#\/schema\/logo\/image\/"},"sameAs":["https:\/\/www.facebook.com\/BuchingerWilhelmiMarbella\/","https:\/\/www.instagram.com\/buchingerwilhelmi\/","https:\/\/www.linkedin.com\/company\/buchingerwilhelmi\/","https:\/\/www.pinterest.de\/buchingerwilhelmi\/","https:\/\/www.youtube.com\/channel\/UC6jETvWDCI_W-VVG2AjxOfw"]}]}},"_links":{"self":[{"href":"https:\/\/www.buchinger-wilhelmi.com\/fr\/wp-json\/wp\/v2\/pages\/18103"}],"collection":[{"href":"https:\/\/www.buchinger-wilhelmi.com\/fr\/wp-json\/wp\/v2\/pages"}],"about":[{"href":"https:\/\/www.buchinger-wilhelmi.com\/fr\/wp-json\/wp\/v2\/types\/page"}],"author":[{"embeddable":true,"href":"https:\/\/www.buchinger-wilhelmi.com\/fr\/wp-json\/wp\/v2\/users\/30"}],"replies":[{"embeddable":true,"href":"https:\/\/www.buchinger-wilhelmi.com\/fr\/wp-json\/wp\/v2\/comments?post=18103"}],"version-history":[{"count":12,"href":"https:\/\/www.buchinger-wilhelmi.com\/fr\/wp-json\/wp\/v2\/pages\/18103\/revisions"}],"predecessor-version":[{"id":85071,"href":"https:\/\/www.buchinger-wilhelmi.com\/fr\/wp-json\/wp\/v2\/pages\/18103\/revisions\/85071"}],"wp:featuredmedia":[{"embeddable":true,"href":"https:\/\/www.buchinger-wilhelmi.com\/fr\/wp-json\/wp\/v2\/media\/17731"}],"wp:attachment":[{"href":"https:\/\/www.buchinger-wilhelmi.com\/fr\/wp-json\/wp\/v2\/media?parent=18103"}],"curies":[{"name":"wp","href":"https:\/\/api.w.org\/{rel}","templated":true}]}}