{"id":19410,"date":"2018-06-21T12:55:17","date_gmt":"2018-06-21T10:55:17","guid":{"rendered":"https:\/\/www.buchinger-wilhelmi.com\/geschichte-des-heilfastens\/"},"modified":"2022-08-02T14:44:19","modified_gmt":"2022-08-02T12:44:19","slug":"geschichte-des-heilfastens","status":"publish","type":"page","link":"https:\/\/www.buchinger-wilhelmi.com\/fr\/geschichte-des-heilfastens\/","title":{"rendered":"Histoire du Je\u00fbne Th\u00e9rapeutique"},"content":{"rendered":"<div class=\"wpb-content-wrapper\">[vc_row][vc_column offset=\u00a0\u00bbvc_hidden-xs\u00a0\u00bb][vc_empty_space height=\u00a0\u00bb60px\u00a0\u00bb][\/vc_column][\/vc_row][vc_row equal_height=\u00a0\u00bbyes\u00a0\u00bb][vc_column width=\u00a0\u00bb6\/12&Prime; el_class=\u00a0\u00bbmobilespace\u00a0\u00bb][vc_column_text]\n<h3>Dr. Otto Buchinger (1878 \u2013 1966)<\/h3>\n<p>Forc\u00e9 \u00e0 quitter son poste de m\u00e9decin dans la marine apr\u00e8s avoir contract\u00e9 une maladie rhumatismale invalidante, Dr Otto Buchinger (1878 \u2013 1966) entreprit de je\u00fbner 19 jours, faisant ainsi lui-m\u00eame l\u2019exp\u00e9rience des m\u00e9canismes d\u2019autogu\u00e9rison entra\u00een\u00e9s par cette m\u00e9thode.<\/p>\n<p>Ce scientifique, sp\u00e9cialiste en m\u00e9decine interne, \u00e9tait un observateur pr\u00e9cis. Publi\u00e9e en 1935 et toujours \u00e9dit\u00e9e \u00e0 l\u2019heure actuelle, son \u0153uvre ma\u00eetresse \u00ab\u00a0Das Heilfasten\u00a0\u00bb (\u00ab\u00a0le Je\u00fbne Th\u00e9rapeutique\u00a0\u00bb) constitue la premi\u00e8re description syst\u00e9matique de la physiologie du je\u00fbne et des pathologies consid\u00e9r\u00e9es encore aujourd\u2019hui comme des indications du je\u00fbne.<\/p>\n<p>Buchinger \u00e9tait aussi un grand passionn\u00e9 de la nature et une personne profond\u00e9ment spirituelle qui ne consid\u00e9rait pas le je\u00fbne comme un manque, mais comme un \u00e9tat d\u2019absence de besoins et de retour sur soi-m\u00eame.<\/p>\n<p>Il mettait en exergue l\u2019inspiration intellectuelle par la nature, la musique, la pri\u00e8re et la contemplation pendant le je\u00fbne. Appr\u00e9ciant les aphorismes, c\u2019est \u00e0 lui que l\u2019on doit cette formule : \u00ab\u00a0Pendant le je\u00fbne le corps se porte bien, c\u2019est l\u2019\u00e2me qui ressent la faim.\u00a0\u00bb D\u2019o\u00f9 la n\u00e9cessit\u00e9 de nourrir cette derni\u00e8re avec des \u00ab\u00a0aliments \u00a0\u00bb d\u00e9crits non sans humour dans sa \u00ab\u00a0Di\u00e9t\u00e9tique de l\u2019\u00e2me\u00a0\u00bb.[\/vc_column_text][\/vc_column][vc_column width=\u00a0\u00bb1\/12&Prime;][\/vc_column][vc_column width=\u00a0\u00bb5\/12&Prime; css=\u00a0\u00bb.vc_custom_1529578903959{background-image: url(https:\/\/www.buchinger-wilhelmi.com\/wp-content\/uploads\/2018\/06\/otto-buchinger-i-titelbild-buchinger-klinik-3000&#215;2000.1498209095-1.jpg?id=16411) !important;background-position: center !important;background-repeat: no-repeat !important;background-size: cover !important;}\u00a0\u00bb][\/vc_column][\/vc_row][vc_row][vc_column][vc_empty_space height=\u00a0\u00bb90px\u00a0\u00bb][\/vc_column][\/vc_row][vc_row full_width=\u00a0\u00bbstretch_row_content\u00a0\u00bb][vc_column css=\u00a0\u00bb.vc_custom_1531924217139{background-image: url(https:\/\/www.buchinger-wilhelmi.com\/wp-content\/uploads\/2018\/06\/2.4.4.Geschichte-des-Heilfastens_Spiritualitaet.jpg?id=17073) !important;background-position: center !important;background-repeat: no-repeat !important;background-size: cover !important;}\u00a0\u00bb offset=\u00a0\u00bbvc_hidden-lg vc_hidden-md vc_hidden-sm\u00a0\u00bb][vc_empty_space height=\u00a0\u00bb250px\u00a0\u00bb][\/vc_column][\/vc_row][vc_row equal_height=\u00a0\u00bbyes\u00a0\u00bb][vc_column width=\u00a0\u00bb6\/12&Prime; css=\u00a0\u00bb.vc_custom_1529579170420{background-image: url(https:\/\/www.buchinger-wilhelmi.com\/wp-content\/uploads\/2018\/06\/2.4.4.Geschichte-des-Heilfastens_Spiritualitaet.jpg?id=17073) !important;background-position: center !important;background-repeat: no-repeat !important;background-size: cover !important;}\u00a0\u00bb][\/vc_column][vc_column width=\u00a0\u00bb1\/12&Prime;][\/vc_column][vc_column width=\u00a0\u00bb5\/12&Prime; css=\u00a0\u00bb.vc_custom_1531922187627{background-position: center !important;background-repeat: no-repeat !important;background-size: cover !important;}\u00a0\u00bb el_class=\u00a0\u00bbmobilespace\u00a0\u00bb][vc_column_text]\n<h3>Spiritualit\u00e9 et je\u00fbne<\/h3>\n<p>La spiritualit\u00e9 exige d\u2019avoir du temps. Quand vous je\u00fbnez, vous avez du temps. La spiritualit\u00e9 signifie \u00e9galement ne plus vouloir, laisser agir en nous. Lorsque l\u2019on je\u00fbne, le corps se sert \u00e0 son gr\u00e9 dans ses r\u00e9serves de nutriments, trop souvent surabondantes \u00e0 notre \u00e9poque\u2026 sans intervention de la volont\u00e9. La spiritualit\u00e9 est la capacit\u00e9 de\u00a0 vivre dans l\u2019instant pr\u00e9sent, d\u00b4accepter ce qui arrive. Faisant partie int\u00e9grante de l\u2019exp\u00e9rience spirituelle du je\u00fbne, le silence permet aussi d\u2019acc\u00e9der au monde int\u00e9rieur.<\/p>\n<p>On \u00e9vite de bavarder, de raconter des histoires superficielles, de juger. Ce qui favorise le calme particulier qui envahit le corps, du je\u00fbneur, c\u2019est la suspension de l\u2019ingestion d\u2019aliments, l\u2019arr\u00eat des synth\u00e8ses, de la production des sucs. Les mouvements gastrointestinaux, ne rythmant plus les journ\u00e9es, tout est plus silencieux et calme dans le corps. Souvent, l\u2019humeur s\u2019harmonise, s\u2019euphorise, on assiste m\u00eame \u00e0 l\u2019\u00e9mergence de sentiments de pl\u00e9nitude.<\/p>\n<p>Je\u00fbner interrompt tous les sch\u00e9mas comportementaux : on est transport\u00e9 dans une autre dimension, comme si on vivait un saut quantique.<\/p>\n<p>Le d\u00e9fi spirituel consiste \u00e0 l\u2019accepter et \u00e0 la laisser se d\u00e9velopper avec confiance, pour permettre ainsi \u00e0 la dimension spirituelle de s\u2019\u00e9panouir\u2026[\/vc_column_text][\/vc_column][\/vc_row][vc_row][vc_column][vc_empty_space height=\u00a0\u00bb90px\u00a0\u00bb][\/vc_column][\/vc_row][vc_row full_width=\u00a0\u00bbstretch_row_content\u00a0\u00bb][vc_column css=\u00a0\u00bb.vc_custom_1659444228523{background-image: url(https:\/\/www.buchinger-wilhelmi.com\/wp-content\/uploads\/2022\/07\/BWM-177225.jpg?id=59854) !important;background-position: center !important;background-repeat: no-repeat !important;background-size: cover !important;}\u00a0\u00bb offset=\u00a0\u00bbvc_hidden-lg vc_hidden-md vc_hidden-sm\u00a0\u00bb][vc_empty_space height=\u00a0\u00bb350px\u00a0\u00bb][\/vc_column][\/vc_row][vc_row equal_height=\u00a0\u00bbyes\u00a0\u00bb][vc_column width=\u00a0\u00bb6\/12&Prime; el_class=\u00a0\u00bbmobilespace\u00a0\u00bb][vc_column_text]\n<h3>Buchinger Wilhelmi aujourd\u00b4hui<\/h3>\n<p>Jusqu\u2019\u00e0 aujourd\u2019hui, le programme Buchinger Wilhelmi repose sur les trois dimensions traditionnelles du je\u00fbne :<\/p>\n<ul>\n<li>Dimension m\u00e9dico-physiologique (le Je\u00fbne Th\u00e9rapeutique encadr\u00e9 m\u00e9dicalement et fond\u00e9 scientifiquement)<\/li>\n<li>Inspiration spirituelle et \u00e9motionnelle<\/li>\n<li>Interaction humaine et rencontre interculturelle des je\u00fbneurs au sein des cliniques<\/li>\n<\/ul>\n<p>Les deux premi\u00e8res dimensions, la m\u00e9dicale et la spirituelle, furent forg\u00e9es par Otto Buchinger. Sa fille Maria Buchinger Wilhelmi d\u00e9veloppa la troisi\u00e8me : une communication interpersonnelle, chaleureuse et cordiale.<\/p>\n<p>Successeurs directs de Dr Otto Buchinger : Dr Heinz Fahrner, Dr Hellmut L\u00fctzner, Dre Gisela Falzone et Dr Karl Spie\u00dfke.<\/p>\n<p>Dr Heinz Fahrner et Dr Hellmut L\u00fctzner ont publi\u00e9 moult articles dans des revues naturopathiques et m\u00e9dicales.<br \/>\nDre Fran\u00e7oise Wilhelmi de Toledo et Dr Jos\u00e9 Manuel Garcia-Verdugo, \u00e0 Marbella, reprirent le flambeau pour \u00e9laborer le programme actuel[\/vc_column_text][vc_empty_space height=\u00a0\u00bb30px\u00a0\u00bb]<div class=\"norebro-button-sc btn-wrap text-left\" \n\tid=\"norebro-custom-69f5c833c43b1\"\n\t \n\t>\n\n\t<a href=\"https:\/\/www.buchinger-wilhelmi.com\/fr\/geschichte\/\" \n\t\tclass=\"btn  btn-outline\">\n\n\t\t\t\t\t<span class=\"icon ion-android-arrow-forward\"><\/span>\n\t\t\n\t\t<span class=\"text\">\n\t\t\tHistoire de l\u2019entreprise\t\t<\/span>\n\n\t\t\n\t\t\t<\/a>\n\n<\/div>[\/vc_column][vc_column width=\u00a0\u00bb1\/12&Prime;][\/vc_column][vc_column width=\u00a0\u00bb5\/12&Prime; css=\u00a0\u00bb.vc_custom_1659444175212{background-image: url(https:\/\/www.buchinger-wilhelmi.com\/wp-content\/uploads\/2022\/07\/BWM-177225.jpg?id=59854) !important;background-position: center !important;background-repeat: no-repeat !important;background-size: cover !important;}\u00a0\u00bb][\/vc_column][\/vc_row]\n<\/div>","protected":false},"excerpt":{"rendered":"<p>[vc_row][vc_column offset=\u00a0\u00bbvc_hidden-xs\u00a0\u00bb][vc_empty_space height=\u00a0\u00bb60px\u00a0\u00bb][\/vc_column][\/vc_row][vc_row equal_height=\u00a0\u00bbyes\u00a0\u00bb][vc_column width=\u00a0\u00bb6\/12&Prime; el_class=\u00a0\u00bbmobilespace\u00a0\u00bb][vc_column_text] Dr. Otto Buchinger (1878 \u2013 1966) Forc\u00e9 \u00e0&#8230;<\/p>\n","protected":false},"author":30,"featured_media":20254,"parent":0,"menu_order":0,"comment_status":"closed","ping_status":"closed","template":"","meta":{"_acf_changed":false,"_custom_body_class":"paddingweg","_custom_post_class":"heilfasten","_searchwp_excluded":"","inline_featured_image":false,"footnotes":""},"class_list":["post-19410","page","type-page","status-publish","has-post-thumbnail","hentry","heilfasten"],"acf":[],"yoast_head":"<!-- This site is optimized with the Yoast SEO plugin v23.8 - https:\/\/yoast.com\/wordpress\/plugins\/seo\/ -->\n<title>Histoire du Je\u00fbne Th\u00e9rapeutique BUCHINGER WILHELMI<\/title>\n<meta name=\"description\" content=\"\u00c0 d\u00e9couvrir ici l\u2019histoire du Je\u00fbne selon Dr Otto Buchinger et celle de l\u2019entreprise familiale BUCHINGER WILHELMI !\" \/>\n<meta name=\"robots\" content=\"index, follow, max-snippet:-1, max-image-preview:large, max-video-preview:-1\" \/>\n<link rel=\"canonical\" href=\"https:\/\/www.buchinger-wilhelmi.com\/fr\/geschichte-des-heilfastens\/\" \/>\n<meta property=\"og:locale\" content=\"fr_FR\" \/>\n<meta property=\"og:type\" content=\"article\" \/>\n<meta property=\"og:title\" content=\"Histoire du Je\u00fbne Th\u00e9rapeutique BUCHINGER WILHELMI\" \/>\n<meta property=\"og:description\" content=\"\u00c0 d\u00e9couvrir ici l\u2019histoire du Je\u00fbne selon Dr Otto Buchinger et celle de l\u2019entreprise familiale BUCHINGER WILHELMI !\" \/>\n<meta property=\"og:url\" content=\"https:\/\/www.buchinger-wilhelmi.com\/fr\/geschichte-des-heilfastens\/\" \/>\n<meta property=\"article:publisher\" content=\"https:\/\/www.facebook.com\/BuchingerWilhelmiMarbella\/\" \/>\n<meta property=\"article:modified_time\" content=\"2022-08-02T12:44:19+00:00\" \/>\n<meta property=\"og:image\" content=\"https:\/\/www.buchinger-wilhelmi.com\/wp-content\/uploads\/2018\/07\/3.4.1.-Unternehmensinformationen-Geschichte_3-1.jpg\" \/>\n\t<meta property=\"og:image:width\" content=\"1627\" \/>\n\t<meta property=\"og:image:height\" content=\"1260\" \/>\n\t<meta property=\"og:image:type\" content=\"image\/jpeg\" \/>\n<meta name=\"twitter:card\" content=\"summary_large_image\" \/>\n<meta name=\"twitter:label1\" content=\"Dur\u00e9e de lecture estim\u00e9e\" \/>\n\t<meta name=\"twitter:data1\" content=\"4 minutes\" \/>\n<script type=\"application\/ld+json\" class=\"yoast-schema-graph\">{\"@context\":\"https:\/\/schema.org\",\"@graph\":[{\"@type\":\"WebPage\",\"@id\":\"https:\/\/www.buchinger-wilhelmi.com\/fr\/geschichte-des-heilfastens\/\",\"url\":\"https:\/\/www.buchinger-wilhelmi.com\/fr\/geschichte-des-heilfastens\/\",\"name\":\"Histoire du Je\u00fbne Th\u00e9rapeutique BUCHINGER WILHELMI\",\"isPartOf\":{\"@id\":\"https:\/\/www.buchinger-wilhelmi.com\/fr\/#website\"},\"primaryImageOfPage\":{\"@id\":\"https:\/\/www.buchinger-wilhelmi.com\/fr\/geschichte-des-heilfastens\/#primaryimage\"},\"image\":{\"@id\":\"https:\/\/www.buchinger-wilhelmi.com\/fr\/geschichte-des-heilfastens\/#primaryimage\"},\"thumbnailUrl\":\"https:\/\/www.buchinger-wilhelmi.com\/wp-content\/uploads\/2018\/07\/3.4.1.-Unternehmensinformationen-Geschichte_3-1.jpg\",\"datePublished\":\"2018-06-21T10:55:17+00:00\",\"dateModified\":\"2022-08-02T12:44:19+00:00\",\"description\":\"\u00c0 d\u00e9couvrir ici l\u2019histoire du Je\u00fbne selon Dr Otto Buchinger et celle de l\u2019entreprise familiale BUCHINGER WILHELMI !\",\"breadcrumb\":{\"@id\":\"https:\/\/www.buchinger-wilhelmi.com\/fr\/geschichte-des-heilfastens\/#breadcrumb\"},\"inLanguage\":\"fr-FR\",\"potentialAction\":[{\"@type\":\"ReadAction\",\"target\":[\"https:\/\/www.buchinger-wilhelmi.com\/fr\/geschichte-des-heilfastens\/\"]}]},{\"@type\":\"ImageObject\",\"inLanguage\":\"fr-FR\",\"@id\":\"https:\/\/www.buchinger-wilhelmi.com\/fr\/geschichte-des-heilfastens\/#primaryimage\",\"url\":\"https:\/\/www.buchinger-wilhelmi.com\/wp-content\/uploads\/2018\/07\/3.4.1.-Unternehmensinformationen-Geschichte_3-1.jpg\",\"contentUrl\":\"https:\/\/www.buchinger-wilhelmi.com\/wp-content\/uploads\/2018\/07\/3.4.1.-Unternehmensinformationen-Geschichte_3-1.jpg\",\"width\":1627,\"height\":1260},{\"@type\":\"BreadcrumbList\",\"@id\":\"https:\/\/www.buchinger-wilhelmi.com\/fr\/geschichte-des-heilfastens\/#breadcrumb\",\"itemListElement\":[{\"@type\":\"ListItem\",\"position\":1,\"name\":\"Startseite\",\"item\":\"https:\/\/www.buchinger-wilhelmi.com\/fr\/\"},{\"@type\":\"ListItem\",\"position\":2,\"name\":\"Histoire du Je\u00fbne Th\u00e9rapeutique\"}]},{\"@type\":\"WebSite\",\"@id\":\"https:\/\/www.buchinger-wilhelmi.com\/fr\/#website\",\"url\":\"https:\/\/www.buchinger-wilhelmi.com\/fr\/\",\"name\":\"\",\"description\":\"\",\"publisher\":{\"@id\":\"https:\/\/www.buchinger-wilhelmi.com\/fr\/#organization\"},\"potentialAction\":[{\"@type\":\"SearchAction\",\"target\":{\"@type\":\"EntryPoint\",\"urlTemplate\":\"https:\/\/www.buchinger-wilhelmi.com\/fr\/?s={search_term_string}\"},\"query-input\":{\"@type\":\"PropertyValueSpecification\",\"valueRequired\":true,\"valueName\":\"search_term_string\"}}],\"inLanguage\":\"fr-FR\"},{\"@type\":\"Organization\",\"@id\":\"https:\/\/www.buchinger-wilhelmi.com\/fr\/#organization\",\"name\":\"Buchinger Wilhelmi Holding GmbH & Co.KG\",\"url\":\"https:\/\/www.buchinger-wilhelmi.com\/fr\/\",\"logo\":{\"@type\":\"ImageObject\",\"inLanguage\":\"fr-FR\",\"@id\":\"https:\/\/www.buchinger-wilhelmi.com\/fr\/#\/schema\/logo\/image\/\",\"url\":\"https:\/\/www.buchinger-wilhelmi.com\/wp-content\/uploads\/2018\/04\/BW_Logo_black.png\",\"contentUrl\":\"https:\/\/www.buchinger-wilhelmi.com\/wp-content\/uploads\/2018\/04\/BW_Logo_black.png\",\"width\":303,\"height\":76,\"caption\":\"Buchinger Wilhelmi Holding GmbH & Co.KG\"},\"image\":{\"@id\":\"https:\/\/www.buchinger-wilhelmi.com\/fr\/#\/schema\/logo\/image\/\"},\"sameAs\":[\"https:\/\/www.facebook.com\/BuchingerWilhelmiMarbella\/\",\"https:\/\/www.instagram.com\/buchingerwilhelmi\/\",\"https:\/\/www.linkedin.com\/company\/buchingerwilhelmi\/\",\"https:\/\/www.pinterest.de\/buchingerwilhelmi\/\",\"https:\/\/www.youtube.com\/channel\/UC6jETvWDCI_W-VVG2AjxOfw\"]}]}<\/script>\n<!-- \/ Yoast SEO plugin. -->","yoast_head_json":{"title":"Histoire du Je\u00fbne Th\u00e9rapeutique BUCHINGER WILHELMI","description":"\u00c0 d\u00e9couvrir ici l\u2019histoire du Je\u00fbne selon Dr Otto Buchinger et celle de l\u2019entreprise familiale BUCHINGER WILHELMI !","robots":{"index":"index","follow":"follow","max-snippet":"max-snippet:-1","max-image-preview":"max-image-preview:large","max-video-preview":"max-video-preview:-1"},"canonical":"https:\/\/www.buchinger-wilhelmi.com\/fr\/geschichte-des-heilfastens\/","og_locale":"fr_FR","og_type":"article","og_title":"Histoire du Je\u00fbne Th\u00e9rapeutique BUCHINGER WILHELMI","og_description":"\u00c0 d\u00e9couvrir ici l\u2019histoire du Je\u00fbne selon Dr Otto Buchinger et celle de l\u2019entreprise familiale BUCHINGER WILHELMI !","og_url":"https:\/\/www.buchinger-wilhelmi.com\/fr\/geschichte-des-heilfastens\/","article_publisher":"https:\/\/www.facebook.com\/BuchingerWilhelmiMarbella\/","article_modified_time":"2022-08-02T12:44:19+00:00","og_image":[{"width":1627,"height":1260,"url":"https:\/\/www.buchinger-wilhelmi.com\/wp-content\/uploads\/2018\/07\/3.4.1.-Unternehmensinformationen-Geschichte_3-1.jpg","type":"image\/jpeg"}],"twitter_card":"summary_large_image","twitter_misc":{"Dur\u00e9e de lecture estim\u00e9e":"4 minutes"},"schema":{"@context":"https:\/\/schema.org","@graph":[{"@type":"WebPage","@id":"https:\/\/www.buchinger-wilhelmi.com\/fr\/geschichte-des-heilfastens\/","url":"https:\/\/www.buchinger-wilhelmi.com\/fr\/geschichte-des-heilfastens\/","name":"Histoire du Je\u00fbne Th\u00e9rapeutique BUCHINGER WILHELMI","isPartOf":{"@id":"https:\/\/www.buchinger-wilhelmi.com\/fr\/#website"},"primaryImageOfPage":{"@id":"https:\/\/www.buchinger-wilhelmi.com\/fr\/geschichte-des-heilfastens\/#primaryimage"},"image":{"@id":"https:\/\/www.buchinger-wilhelmi.com\/fr\/geschichte-des-heilfastens\/#primaryimage"},"thumbnailUrl":"https:\/\/www.buchinger-wilhelmi.com\/wp-content\/uploads\/2018\/07\/3.4.1.-Unternehmensinformationen-Geschichte_3-1.jpg","datePublished":"2018-06-21T10:55:17+00:00","dateModified":"2022-08-02T12:44:19+00:00","description":"\u00c0 d\u00e9couvrir ici l\u2019histoire du Je\u00fbne selon Dr Otto Buchinger et celle de l\u2019entreprise familiale BUCHINGER WILHELMI !","breadcrumb":{"@id":"https:\/\/www.buchinger-wilhelmi.com\/fr\/geschichte-des-heilfastens\/#breadcrumb"},"inLanguage":"fr-FR","potentialAction":[{"@type":"ReadAction","target":["https:\/\/www.buchinger-wilhelmi.com\/fr\/geschichte-des-heilfastens\/"]}]},{"@type":"ImageObject","inLanguage":"fr-FR","@id":"https:\/\/www.buchinger-wilhelmi.com\/fr\/geschichte-des-heilfastens\/#primaryimage","url":"https:\/\/www.buchinger-wilhelmi.com\/wp-content\/uploads\/2018\/07\/3.4.1.-Unternehmensinformationen-Geschichte_3-1.jpg","contentUrl":"https:\/\/www.buchinger-wilhelmi.com\/wp-content\/uploads\/2018\/07\/3.4.1.-Unternehmensinformationen-Geschichte_3-1.jpg","width":1627,"height":1260},{"@type":"BreadcrumbList","@id":"https:\/\/www.buchinger-wilhelmi.com\/fr\/geschichte-des-heilfastens\/#breadcrumb","itemListElement":[{"@type":"ListItem","position":1,"name":"Startseite","item":"https:\/\/www.buchinger-wilhelmi.com\/fr\/"},{"@type":"ListItem","position":2,"name":"Histoire du Je\u00fbne Th\u00e9rapeutique"}]},{"@type":"WebSite","@id":"https:\/\/www.buchinger-wilhelmi.com\/fr\/#website","url":"https:\/\/www.buchinger-wilhelmi.com\/fr\/","name":"","description":"","publisher":{"@id":"https:\/\/www.buchinger-wilhelmi.com\/fr\/#organization"},"potentialAction":[{"@type":"SearchAction","target":{"@type":"EntryPoint","urlTemplate":"https:\/\/www.buchinger-wilhelmi.com\/fr\/?s={search_term_string}"},"query-input":{"@type":"PropertyValueSpecification","valueRequired":true,"valueName":"search_term_string"}}],"inLanguage":"fr-FR"},{"@type":"Organization","@id":"https:\/\/www.buchinger-wilhelmi.com\/fr\/#organization","name":"Buchinger Wilhelmi Holding GmbH & Co.KG","url":"https:\/\/www.buchinger-wilhelmi.com\/fr\/","logo":{"@type":"ImageObject","inLanguage":"fr-FR","@id":"https:\/\/www.buchinger-wilhelmi.com\/fr\/#\/schema\/logo\/image\/","url":"https:\/\/www.buchinger-wilhelmi.com\/wp-content\/uploads\/2018\/04\/BW_Logo_black.png","contentUrl":"https:\/\/www.buchinger-wilhelmi.com\/wp-content\/uploads\/2018\/04\/BW_Logo_black.png","width":303,"height":76,"caption":"Buchinger Wilhelmi Holding GmbH & Co.KG"},"image":{"@id":"https:\/\/www.buchinger-wilhelmi.com\/fr\/#\/schema\/logo\/image\/"},"sameAs":["https:\/\/www.facebook.com\/BuchingerWilhelmiMarbella\/","https:\/\/www.instagram.com\/buchingerwilhelmi\/","https:\/\/www.linkedin.com\/company\/buchingerwilhelmi\/","https:\/\/www.pinterest.de\/buchingerwilhelmi\/","https:\/\/www.youtube.com\/channel\/UC6jETvWDCI_W-VVG2AjxOfw"]}]}},"_links":{"self":[{"href":"https:\/\/www.buchinger-wilhelmi.com\/fr\/wp-json\/wp\/v2\/pages\/19410"}],"collection":[{"href":"https:\/\/www.buchinger-wilhelmi.com\/fr\/wp-json\/wp\/v2\/pages"}],"about":[{"href":"https:\/\/www.buchinger-wilhelmi.com\/fr\/wp-json\/wp\/v2\/types\/page"}],"author":[{"embeddable":true,"href":"https:\/\/www.buchinger-wilhelmi.com\/fr\/wp-json\/wp\/v2\/users\/30"}],"replies":[{"embeddable":true,"href":"https:\/\/www.buchinger-wilhelmi.com\/fr\/wp-json\/wp\/v2\/comments?post=19410"}],"version-history":[{"count":12,"href":"https:\/\/www.buchinger-wilhelmi.com\/fr\/wp-json\/wp\/v2\/pages\/19410\/revisions"}],"predecessor-version":[{"id":60351,"href":"https:\/\/www.buchinger-wilhelmi.com\/fr\/wp-json\/wp\/v2\/pages\/19410\/revisions\/60351"}],"wp:featuredmedia":[{"embeddable":true,"href":"https:\/\/www.buchinger-wilhelmi.com\/fr\/wp-json\/wp\/v2\/media\/20254"}],"wp:attachment":[{"href":"https:\/\/www.buchinger-wilhelmi.com\/fr\/wp-json\/wp\/v2\/media?parent=19410"}],"curies":[{"name":"wp","href":"https:\/\/api.w.org\/{rel}","templated":true}]}}